{"id":670,"date":"2021-09-02T09:44:38","date_gmt":"2021-09-02T09:44:38","guid":{"rendered":"https:\/\/ferienhaus-ramsau.at\/?page_id=670"},"modified":"2021-09-02T09:44:39","modified_gmt":"2021-09-02T09:44:39","slug":"datenschutzerklarung","status":"publish","type":"page","link":"https:\/\/bergschloessl-ramsau.at\/en\/datenschutzerklarung\/","title":{"rendered":"Datenschutzerkl\u00e4rung"},"content":{"rendered":"<div class=\"gb-container gb-container-c313a989\" id=\"Impressum\"><div class=\"gb-inside-container\">\n\n<h2 class=\"wp-block-heading\"><a href=\"#Impressum\">lmpressum<\/a><\/h2>\n\n\n\n<p>F\u00fcr den Inhalt verantwortlich:<br><br>Barbara Mitter<br>Ort 216<br>8972 Ramsau am Dachstein<br>AUSTRIA<\/p>\n\n\n\n<p>Tel.: <a href=\"tel:+43368781283\">+43 3687 81283<\/a><br>email: <a href=\"mailto:office@bergschloessl-ramsau.at\">office@bergschloessl-ramsau.at<\/a><\/p>\n\n\n\n<p>Webdesign und Layout:<br>tita.at<br>Werbeagentur Lang<br>Ramsau 149<br>8972 Ramsau am Dachstein<br>\u00d6sterreich<br><a href=\"http:\/\/www.tita.at\/\" target=\"_blank\" rel=\"noreferrer noopener\">www.tita.at<\/a><\/p>\n\n\n\n<p>Fotos: TVB Ramsau,&nbsp;\u00a9 photo-austria, privat<\/p>\n\n<\/div><\/div>\n\n<div class=\"gb-container gb-container-fe5557ae\" id=\"Datenschutz\"><div class=\"gb-inside-container\">\n\n<h2 class=\"gb-headline gb-headline-1fad05f2 gb-headline-text\"><a href=\"#Datenschutz\">Datenschutz Vermietung<\/a><\/h2>\n\n\n\n<p><strong>1. Grundlagen<\/strong><br>Diese Datenschutzerkl\u00e4rung betrifft alle Personen, die die Dienstleistungen des Autors nutzen. Wir informieren Sie damit \u00fcber Art, Umfang und Zweck der Erhebung und Verwendung Ihrer personenbezogenen Daten durch unser Unternehmen. Wir achten Ihre Privatsph\u00e4re und sind bestrebt, die gesetzlichen Vorgaben f\u00fcr die Verarbeitung Ihrer personenbezogenen Daten (EU-Verordnung Nr. 679\/2016 (DSGVO), DSG 2000, DSG 2018 und TKG 2003) genau einzuhalten. Alle Ihre personenbezogenen Daten werden auf dieser Grundlage verarbeitet.<br>Unser Datenschutzkoordinator ist erreichbar unter datenschutz@tita.at.<br>Mit der Nutzung unserer Dienstleistungen und der Erteilung von Einwilligungen im Sinne dieser Erkl\u00e4rung best\u00e4tigen Sie, dass Sie das 14. Lebensjahr vollendet haben und in der Lage sind, eine zul\u00e4ssige Einwilligung zu erteilen, oder dass bereits eine wirksame Einwilligung Ihres Erziehungsberechtigten oder Ihres Sachwalters vorliegt.<\/p>\n\n\n\n<p><strong>2. Angaben gem\u00e4\u00df Art 13 DSGVO<\/strong><br>Ihre personenbezogenen Daten, das sind insbesondere<\/p>\n\n\n\n<ul class=\"wp-block-list\"><li>Ihre Stammdaten (Name, Vorname, Adresse, Mail Adresse, Telefon- und Faxnummer, Geburtsdatum, Kundennummer) sowie Sprache und KFZ-Kennzeichen<\/li><li>die Daten in Reisedokumenten (Passnummer, Passdaten, Geburtsdatum, ausstellende Beh\u00f6rde, Laufzeit, Nationalit\u00e4t) und Ausweisen (Personalausweis, F\u00fchrerschein etc. samt ausstellender Beh\u00f6rde und Laufzeit)<\/li><li>die Daten zu Zahlungsart und im Zusammenhang mit Zahlungen, insbesondere mit EC-Karten, Kreditkarten und Bankkarten<\/li><li>die von Ihnen angefragte Aufenthaltsdauer sowie mit dem Aufenthalt zusammenh\u00e4ngende Destinationen, Hotels, Kontaktpersonen, Konditionen, Special Services, Gesundheitsdaten, Vielfliegernummer, pers\u00f6nliche Vorlieben, die Sie uns bekannt geben, und<\/li><li>besondere Kategorien von Daten wie Gesundheitsdaten sowie Daten \u00fcber besondere Bed\u00fcrfnisse und zu Ehe\/Partnerschaft,<\/li><\/ul>\n\n\n\n<p>werden f\u00fcr unsere Dienstleistungen ben\u00f6tigt. Dazu geh\u00f6ren auch Buchungen von Reisen, Fremdenf\u00fchrern, Gastronomie, Mietfahrzeugen, Transfers, Registraturabwicklungen, Versicherungen, Events, Touren, Akkreditierungen, Gutscheinen einschlie\u00dflich Kundenanlage, Verrechnung und deren \u00dcberpr\u00fcfung (B2B, B2C, FIT), Ticketbuchungen.<br>Diese Daten werden deshalb zu diesen Zwecken von uns gespeichert, verarbeitet und, soweit erforderlich, an Dritte, mit denen wir zur Erbringung eines m\u00f6glichst effektiven und bestm\u00f6glichen Service f\u00fcr unsere Kunden, zusammenarbeiten \u2013 dazu k\u00f6nnen auch Dienstleister in Drittstaaten als Auftragsverarbeiter, Software- und Agenturdienstleister geh\u00f6ren \u2013, \u00fcbermittelt.<br>Profiling und automatisierte Entscheidungen setzen wir nicht ein.<\/p>\n\n\n\n<p>Die Rechtsgrundlagen f\u00fcr diese Datenverarbeitungsprozesse sind die Erf\u00fcllung unserer vorvertraglichen und vertraglichen Verpflichtungen Ihnen gegen\u00fcber, von Ihnen eingeholte Einwilligungen, gesetzliche, vertragliche oder sonstige rechtliche Verpflichtungen unsererseits (z.B. Dokumentationsrechte und -pflichten nach dem Rechnungswesen, Steuer- und Zollrecht, Vertragswesen, Meldewesen, Rechtsstreitigkeiten) sowie \u00a7 96 TKG und unsere berechtigten Interessen (z.B. die Verbesserung unseres Kundenservice, auch im Bereich der Direktwerbung oder die Wahrnehmung unserer eigenen rechtlichen Interessen).<\/p>\n\n\n\n<p>Die Dauer der Speicherung bemisst sich nach der Dauer unserer Gesch\u00e4ftsbeziehung, den von Ihnen erteilten Einwilligungen, dar\u00fcber hinaus nach den f\u00fcr uns geltenden gesetzlichen Aufbewahrungspflichten und rechtlichen Verpflichtungen. Wir betonen, dass wir im Fall einer regelm\u00e4\u00dfigen Zusammenarbeit f\u00fcr unser bestm\u00f6gliches Kundenservice bestrebt sind, Ihre bereits an uns \u00fcbermittelten Kundenw\u00fcnsche so gut zu kennen, dass wir Sie laufend und dauerhaft zufriedenstellen k\u00f6nnen.<\/p>\n\n\n\n<p><strong>3. Kontakt<\/strong><br>Sie k\u00f6nnen jederzeit unentgeltlich Auskunft \u00fcber Ihre personenbezogenen Daten, die von uns gespeichert werden, verlangen. Sie haben als Betroffener auch das Recht auf Widerruf, Auskunft, L\u00f6schung, Richtigstellung, Einschr\u00e4nkung und \u00dcbertragung Ihrer personenbezogenen Daten, soweit dem keine gesetzliche Aufbewahrungspflicht unsererseits gegen\u00fcbersteht.<\/p>\n\n\n\n<p>F\u00fcr n\u00e4here Informationen zu Ihren Rechten als Betroffener kontaktieren Sie uns bitte unter datenschutz@tita.at. Wir helfen Ihnen gerne weiter. F\u00fcr Beschwerden ist als Aufsichtsbeh\u00f6rde die \u00d6sterreichische Datenschutzbeh\u00f6rde (DSB), Wickenburggasse 8-10, 1080 Wien, zust\u00e4ndig.<\/p>\n\n\n\n<p><strong>4. Sonstiges<\/strong><br>Wir haben organisatorische und technische Schutzma\u00dfnahmen, die wir laufend evaluieren und bei Bedarf anpassen, implementiert, um Ihre von uns gespeicherten und verarbeiteten personenbezogenen Daten zu sch\u00fctzen.<br>Wir behalten uns vor, diese Datenschutzerkl\u00e4rung jederzeit zu \u00e4ndern und an neue Entwicklungen anzupassen. Die neue Fassung gilt ab Bereitstellung auf unserer Website. Die aktuelle Fassung der Datenschutzerkl\u00e4rung ist jederzeit auf der Website abrufbar.<\/p>\n\n<\/div><\/div>\n\n<div class=\"gb-container gb-container-e59a61e2\"><div class=\"gb-inside-container\">\n\n<h2 class=\"gb-headline gb-headline-effbaef9 gb-headline-text\">Datenschutz Website<\/h2>\n\n\n\n<p><strong>1. Allgemeines<\/strong><br>Wir legen auf die Privatsph\u00e4re jedes einzelnen Kunden gro\u00dfen Wert. Die Verarbeitung von personenbezogenen Daten erfolgt daher stets im Rahmen der geltenden datenschutzrechtlichen Bestimmungen, insbesondere denen der Datenschutzgrundverordnung (DSGVO), die am 25. Mai 2018 in Kraft tritt.<\/p>\n\n\n\n<p><strong>2. Datenverarbeitung auf der Webseite<\/strong><br>Beim Besuch dieser Websites werden Daten erfasst, die zu Auswertungszwecken herangezogen werden. Die Erfassung von Besucherdaten dient im Einzelnen folgenden Zwecken:<\/p>\n\n\n\n<ul class=\"wp-block-list\"><li>Analyse der Website-Nutzung zwecks Marktforschung und Optimierung der Website-Inhalte<\/li><li>Abstimmung der Website-Inhalte auf die Bed\u00fcrfnisse der Besucher<\/li><li>Remarketing von Benutzeranfragen zur Bewerbung von Urlaub<\/li><li>Verbesserung der Benutzer- und Bedienungsfreundlichkeit<\/li><\/ul>\n\n\n\n<p>Bei der Anforderung von Prospekten und Informationsmaterial werden alle Daten lt. Erfassungsformular auf der Website verarbeitet, da dies f\u00fcr die Bestellabwicklung erforderlich ist (Art 6 (1) (b) DSGVO), weil sonst die Bestellabwicklung nicht durchgef\u00fchrt werden kann (Art 13 (2) lit e DSGVO). Die diesbez\u00fcgliche Datenverarbeitung erfolgt ausschlie\u00dflich innerhalb des EWR. Die Daten werden nach 6 Monaten gel\u00f6scht.<\/p>\n\n\n\n<p>Im Rahmen der Anmeldung zum Newsletter erteilt der Newsletter Abonnent mit dortiger Erkl\u00e4rung seine Einwilligung dazu.<\/p>\n\n\n\n<p><strong>3. Cookies<\/strong><br>Als Cookies bezeichnet man kleine Text-Dateien, die von einer Website auf den Computer des Besuchers geschrieben werden. Sie k\u00f6nnen nicht verwendet werden, um andere Daten auf dem Computer auszulesen. Websites setzen Cookies ein, um fr\u00fchere Benutzereinstellungen wiederherzustellen und den Verlauf von Besucheranfragen nachzuvollziehen. Wir verwenden Cookies, um das Angebot auf Websites besser an die Bed\u00fcrfnisse der Kunden anzupassen und deren Inhalte bestm\u00f6glich zu strukturieren. Die Informationen werden auch verwendet, um die Navigationsstruktur weiter zu verbessern und benutzerfreundlicher zu gestalten. Zus\u00e4tzliche Cookies werden von unter den Punkten 7. bis 9. separat angef\u00fchrten Systemen gesetzt und von uns f\u00fcr gemeinsame Remarketing-Ma\u00dfnahmen verwendet. Standardm\u00e4\u00dfig werden von jedem Internet-Browser alle Cookies akzeptiert. Sie k\u00f6nnen Ihren Browser aber anweisen, keine Cookies anzunehmen oder sie nach jeder Internet-Sitzung automatisch zu l\u00f6schen. Entnehmen Sie bitte die entsprechenden Anweisungen den Support-Seiten Ihres Browser-Herstellers.<\/p>\n\n\n\n<p><strong>4. Funktionsweise der Social Media-Plug-Ins<\/strong><br>Auf den Websites sind Plug-Ins der sozialen Netzwerke Facebook, Twitter und Pinterest integriert. Sie erkennen diese Plug-Ins an den jeweiligen Logos am unteren Ende der jeweiligen Seite. Bei jedem Besuch auf den Websites wird eine direkte Verbindung zwischen dem Browser des Besuchers und dem Server des Social Media-Plattformbetreibers hergestellt. Wir weisen darauf hin, dass wir als Anbieter der Seiten keine Kenntnis vom Inhalt der \u00fcbermittelten Daten sowie deren Nutzung durch die Betreiber der Netzwerkplattformen erhalten. Weitere Informationen finden Sie in der Datenschutzerkl\u00e4rung der jeweiligen Social Media-Plattform:<br>Facebook: de-de.facebook.com<br>Twitter: twitter.com<br>Pinterest: about.pinterest.com<\/p>\n\n\n\n<p><strong>5. Auskunftsrecht und weitere Betroffenrechte<\/strong><br>Entsprechend den Bestimmungen der Datenschutzgrundverordnung (DSGVO), die am 25. Mai 2018 in Kraft tritt, haben Sie das Recht, Auskunft \u00fcber Ihre verarbeiteten Daten zu erhalten. F\u00fcr Ausk\u00fcnfte zu Fragen des Datenschutzes und zur Geltendmachung dieses und weiterer Betroffenenrechte (Berichtigung oder L\u00f6schung oder auf Einschr\u00e4nkung der Verarbeitung oder eines Widerspruchsrechts gegen die Verarbeitung sowie des Rechts auf Daten\u00fcbertragbarkeit) bitten wir Sie um Kontaktaufnahme \u00fcber dsb@ramsau.com, um die weiteren Schritte einleiten zu k\u00f6nnen. Sie haben das Recht der Beschwerde bei den datenschutzrechtlichen Aufsichtsbeh\u00f6rden (f\u00fcr \u00d6sterreich: \u00d6sterreichische Datenschutzbeh\u00f6rde www.dsb.gv.at)<\/p>\n\n\n\n<p><strong>6. Widerrufsrecht<\/strong><br>Sie haben das Recht, Ihre Zustimmung zur Verwendung Ihrer Daten jederzeit zu widerrufen. In diesem Fall werden Ihre Daten nicht weiter verwendet und sie unter Beachtung allf\u00e4lliger gesetzlicher Aufbewahrungsfristen gel\u00f6scht.<\/p>\n\n\n\n<p><strong>7. Facebook Conversion Tracking Pixel<\/strong><br>Mit Ihrer Anmeldung auf facebook.com haben Sie Ihre Zustimmung zum Conversion Tracking Pixel Service von Facebook, Inc., 1601 S. California Ave., Palo Alto, CA 94304, USA (\u201cFacebook\u201d) erteilt. Dies erm\u00f6glicht Facebook, die Aktionen der User zu verfolgen, nachdem sie durch das Anklicken einer Facebook Werbung zu einer Anbieter Website weitergeleitet wurden. Dadurch ist man in der Lage, die Wirksamkeit der Facebook Werbeanzeigen f\u00fcr statistische und Marktforschungszwecke zu ermitteln. Die gesammelten Daten bleiben anonym. Das bedeutet, dass die Daten der individuellen User nicht eingesehen werden k\u00f6nnen. Die gesammelten Daten werden jedoch von Facebook gespeichert und verarbeitet. Wir informieren Sie zu dieser Angelegenheit, entsprechend unserer aktuellen Informationen. Facebook kann diese Daten mit den Daten Ihres Facebook Accounts verkn\u00fcpfen und verwendet diese Daten f\u00fcr seine eigenen Werbezwecke, laut den Facebook Datenrichtlinien https:\/\/www.facebook.com\/about\/privacy\/. Facebook Conversion Tracking erlaubt Facebook und seinen Partnern ebenfalls, Ihnen Werbung in- und au\u00dferhalb von Facebook anzuzeigen.<br>F\u00fcr weitere Informationen besuchen Sie https:\/\/www.facebook.com\/ads\/website_custom_audiences\/<\/p>\n\n\n\n<p><strong>8. Facebook Remarketing \/ Retargeting<\/strong><br>Auf den Websites sind Remarketing-Tags des sozialen Netzwerks Facebook, 1601 South California Avenue, Palo Alto, CA 94304, USA integriert. Wenn Sie unsere Websites besuchen, wird \u00fcber die Remarketing-Tags eine direkte Verbindung zwischen Ihrem Browser und dem Facebook-Server hergestellt. Facebook erh\u00e4lt dadurch die Information, dass Sie mit Ihrer IP-Adresse unsere Websites besucht haben. Dadurch kann Facebook den Besuch unserer Websites Ihrem Benutzerkonto zuordnen. Die so erhaltenen Informationen k\u00f6nnen wir f\u00fcr die Anzeige von Facebook Ads nutzen. Wir weisen darauf hin, dass wir als Anbieter der Websites keine Kenntnis vom Inhalt der \u00fcbermittelten Daten sowie deren Nutzung durch Facebook erhalten.<br>Weitere Informationen hierzu finden Sie in der Datenschutzerkl\u00e4rung von Facebook unter https:\/\/www.facebook.com\/about\/privacy\/ F\u00fcr die aktuellen Einstellungen in Ihrem pers\u00f6nlichen Profil, besuchen Sie https:\/\/www.facebook.com\/ads\/website_custom_audiences\/<\/p>\n\n\n\n<p><strong>9. Google Analytics<\/strong><br>Die Websites setzen Google Analytics von Google LLC, 1600 Amphitheatre Parkway, Mountain View, CA 94043, USA f\u00fcr Webanalysen ein. Durch die Verwendung dieses Analysedienstes werden ebenfalls Cookies auf Ihrem Computer gespeichert.Die erzeugten Informationen, einschlie\u00dflich der IP-Adressen der Besucher, werden an einen Server in den USA \u00fcbertragen und dort gespeichert. Wir verwenden aus Datenschutzgr\u00fcnden die Funktion \u201e_anonymizeIP()\u201c, sodass die \u00fcbertragenen IP-Adressen nur gek\u00fcrzt weiterverarbeitet werden und ein direkter Personenbezug auszuschlie\u00dfen ist. Mehr Informationen zu Google Analytics finden Sie im Internet unter www.google.com. Wir nutzen die Funktionen von Google Analytics zur Analyse der Websitenutzung, z.B. in Form von anonymisierten Auswertungen und Grafiken zu PageViews und Visits, sowie f\u00fcr Remarketing, Berichte zu Impressionen im Google Display-Netzwerk, Integration von DoubleClick Campaign Manager und Google Analytics-Berichte zur Leistung nach demografischen Merkmalen und Interessen. Durch die Nutzung dieser Website erkl\u00e4ren Sie sich mit der Bearbeitung der \u00fcber Sie erhobenen Daten durch Google in der zuvor beschriebenen Art und Weise und den zuvor genannten Zwecken einverstanden.<\/p>\n\n<\/div><\/div>\n\n<div class=\"gb-container gb-container-2b2ed8d7\" id=\"Nutzungsbedingungen\"><div class=\"gb-inside-container\">\n\n<h2 class=\"gb-headline gb-headline-26c309a1 gb-headline-text\"><a href=\"#Nutzungsbedingungen\">Nutzungsbedingungen<\/a><\/h2>\n\n\n\n<p><strong>1. Allgemeines&nbsp;<\/strong><br>Wir betreiben Websites, die der entgeltlichen oder unentgeltlichen Bewerbung als Unterkunft und Urlaubsland dienen. Alle Nutzer werden aufgefordert die folgenden Nutzungsbedingungen sowie die weiteren Rechtstexte aufmerksam zu lesen. F\u00fcr die Nutzung der Websites ist das Einverst\u00e4ndnis des Nutzers mit den untenstehenden Nutzungsbedingungen unbedingte Voraussetzung. Die Nutzung der Websites bedeutet, dass der Nutzer die Nutzungsbedingungen und alle anderen Rechtstexte akzeptiert. F\u00fcr den Fall, dass der Nutzer die Nutzungsbedingungen nicht akzeptiert, ist ihm die weitere Nutzung der Websites untersagt. Erfolgt ein Versto\u00df gegen alle oder einzelne Bestimmungen der untenstehenden Nutzungsbedingungen, bedeutet dies den unverz\u00fcglichen und automatischen Entzug der Nutzungsberechtigung f\u00fcr die Websites. Bei derartigen Verst\u00f6\u00dfen behalten wir uns alle wie immer gearteten Anspr\u00fcche (z.B. Anspr\u00fcche aus Schadenersatz) gegen\u00fcber dem\/den betreffenden Nutzer(n) vor.<\/p>\n\n\n\n<p><strong>2. Urheberrecht&nbsp;<\/strong><br>Die Nutzung der Websites ist ausschlie\u00dflich zu Informationszwecken sowohl f\u00fcr private als auch f\u00fcr berufliche Zwecke gestattet. Alle Inhalte auf den Websites sind urheberrechtlich gesch\u00fctzt. Dies unabh\u00e4ngig davon, ob Inhalte entgeltlich oder unentgeltlich angeboten werden. Jede Art der Vervielf\u00e4ltigung, Verbreitung, Vermietung, Verleihung, \u00f6ffentlichen Zug\u00e4nglichmachung oder andere Nutzung in welcher Art auch immer bedarf der ausdr\u00fccklichen, schriftlichen Zustimmung des Websitebetreibers und ist mangels einer derartigen Zustimmung ausdr\u00fccklich untersagt. Eine Ausnahme besteht dann, wenn in einer speziellen Bestimmung ausdr\u00fccklich Abweichendes geregelt wird. Verst\u00f6\u00dfe gegen diese Bestimmung k\u00f6nnen insbesondere markenrechtliche, urheberrechtliche und wettbewerbsrechtliche Folgen nach sich ziehen. Wir behalten uns ausdr\u00fccklich alle Urheberrechte und daraus erflie\u00dfenden Nutzungsrechte (Werknutzungsrechte und Werknutzungsbewilligungen) und etwaige sonstige Rechte an den auf den Websites angebotenen Inhalten vor.<\/p>\n\n\n\n<p><strong>3. Datenschutz&nbsp;<\/strong><br>Wir legen gr\u00f6\u00dften Wert auf den sorgf\u00e4ltigen Umgang mit Daten. Aus diesem Grund folgt die Datenschutzpolitik dem Grundsatz der Wahrung des Datengeheimnisses und betont in besonderer Weise den Schutz von Daten. Alle Nutzer werden aufgefordert, die&nbsp;<a href=\"https:\/\/der-dachsteiner.com\/datenschutz\/\" target=\"_blank\" rel=\"noreferrer noopener\">Datenschutzerkl\u00e4rung<\/a>&nbsp;zu lesen.<\/p>\n\n\n\n<p><strong>4. Gew\u00e4hrleistung&nbsp;<\/strong><br>Wir k\u00f6nnen nicht garantieren, dass die Websites immer und jederzeit erreichbar sind. Technische Fehler und\/oder Wartungsarbeiten sowie andere Ursachen (z.B. Relaunch der Websites) k\u00f6nnen dazu f\u00fchren, dass die Websites vor\u00fcbergehend bzw. auch \u00fcber l\u00e4ngere Zeit nicht erreichbar sind. Wir \u00fcbernehmen keine Verantwortung f\u00fcr eine bestimmte Verf\u00fcgbarkeit bzw. Erreichbarkeit der Websites. F\u00fcr die Richtigkeit, Vollst\u00e4ndigkeit, Rechtm\u00e4\u00dfigkeit, Objektivit\u00e4t und Aktualit\u00e4t der auf den Websites angebotenen Inhalte leisten wir keine Gew\u00e4hr. Dies gilt in gleicher Weise f\u00fcr alle auf den Websites angebotenen Produkte und Dienstleistungen samt zugeh\u00f6riger Beschreibungen und Preisangaben. Wir k\u00f6nnen jederzeit ohne vorherige Ank\u00fcndigung Anpassungen, \u00c4nderungen und L\u00f6schungen der Websites in ihrer Gesamtheit sowie der auf ihr pr\u00e4sentierten Inhalte vornehmen.<\/p>\n\n\n\n<p><strong>5. Haftung&nbsp;<\/strong><br>Der Autor \u00fcbernimmt keinerlei Gew\u00e4hr f\u00fcr die Aktualit\u00e4t, Korrektheit, Vollst\u00e4ndigkeit oder Qualit\u00e4t der bereitgestellten Informationen. Haftungsanspr\u00fcche gegen den Autor, welche sich auf Sch\u00e4den materieller oder ideeller Art beziehen, die durch die Nutzung oder Nichtnutzung der dargebotenen Informationen bzw. durch die Nutzung fehlerhafter und unvollst\u00e4ndiger Informationen verursacht wurden, sind grunds\u00e4tzlich ausgeschlossen, sofern seitens des Autors kein nachweislich vors\u00e4tzliches oder grob fahrl\u00e4ssiges Verschulden vorliegt. Alle Angebote sind freibleibend und unverbindlich. Der Autor beh\u00e4lt es sich ausdr\u00fccklich vor, Teile der Seiten oder das gesamte Angebot ohne gesonderte Ank\u00fcndigung zu ver\u00e4ndern, zu erg\u00e4nzen, zu l\u00f6schen oder die Ver\u00f6ffentlichung zeitweise oder endg\u00fcltig einzustellen.<\/p>\n\n\n\n<p><strong>6. Hyperlinks&nbsp;<\/strong><br>Der Autor haftet nicht f\u00fcr verlinkte Websites und deren Inhalte. Die auf den Websites vorhandenen Hyperlinks sind eine kostenlose Dienstleistung. Der Autor hat keinerlei Einfluss auf die Gestaltung bzw. \u00c4nderung der verlinkten Websites sowie auf die auf ihnen angebotenen Inhalte. Wenn Hyperlinks von den Websites auf fremde Inhalte verweisen, stellen diese keine Wertung der verlinkten Inhalte dar. Insbesondere \u00fcbernimmt der Autor keine wie immer geartete Haftung f\u00fcr die Richtigkeit, Vollst\u00e4ndigkeit, Rechtm\u00e4\u00dfigkeit, Objektivit\u00e4t und Aktualit\u00e4t dieser Inhalte. Der Zugriff auf Informationen, die durch Hyperlinks auf den Websites erreicht werden, liegt in der ausschlie\u00dflichen Verantwortung des Nutzers. F\u00fcr den Fall, dass Nutzer bemerken, dass ein Link auf rechtlich problematische Inhalte verweist, werden Sie gebeten, den Autor per E-Mail \u00fcber diesen Link zu informieren, so dass dieser gegebenenfalls baldm\u00f6glichst entfernt werden kann.<\/p>\n\n\n\n<p><strong>7. Gerichtsstand\/Erf\u00fcllungsort\/Anwendbares Recht&nbsp;<\/strong><br>Ist der Nutzer Unternehmer, so ist das f\u00fcr Schladming sachlich zust\u00e4ndige Gericht f\u00fcr s\u00e4mtliche Streitigkeiten ausschlie\u00dflich zust\u00e4ndig und gilt ausschlie\u00dflich das materielle Recht \u00d6sterreichs unter Ausschluss des UN-Kaufrechts (CISG) und nationalen Kollisionsrechts. Ist der Nutzer Konsument im Sinne des Konsumentenschutzgesetzes, so gilt dies nur, wenn er in dessen Sprengel seinen Wohnsitz, seinen gew\u00f6hnlichen Aufenthalt oder seinen Ort der Besch\u00e4ftigung hat. Erf\u00fcllungsort f\u00fcr s\u00e4mtliche Anspr\u00fcche und Verpflichtungen ist der Sitz des Autors.<\/p>\n\n\n\n<p><strong>9. Salvatorische Klausel\/Sonstiges&nbsp;<\/strong><br>F\u00fcr Nutzer, die Unternehmer sind gilt: Die Nichtigkeit oder Unwirksamkeit einzelner Bestimmungen der Nutzungsbedingungen ber\u00fchrt nicht die Rechtswirksamkeit der \u00fcbrigen Bestimmungen; diesfalls gelten jene Vereinbarungen als getroffen, welche rechtswirksam sind und der urspr\u00fcnglichen Zielsetzung des Autors am n\u00e4chsten kommet. Soweit Schriftlichkeit verlangt wird, gen\u00fcgt auch die \u00dcbermittlung per Fax oder per E-Mail diesem Erfordernis.<\/p>\n\n<\/div><\/div>","protected":false},"excerpt":{"rendered":"<p>lmpressum F\u00fcr den Inhalt verantwortlich: Barbara MitterOrt 2168972 Ramsau am DachsteinAUSTRIA Tel.: +43 3687 81283email: office@bergschloessl-ramsau.at Webdesign und Layout:tita.atWerbeagentur LangRamsau 1498972 Ramsau am Dachstein\u00d6sterreichwww.tita.at Fotos: TVB Ramsau,&nbsp;\u00a9 photo-austria, privat Datenschutz Vermietung 1. GrundlagenDiese Datenschutzerkl\u00e4rung betrifft alle Personen, die die Dienstleistungen des Autors nutzen. Wir informieren Sie damit \u00fcber Art, Umfang und Zweck der Erhebung und &#8230; <a title=\"Datenschutzerkl\u00e4rung\" class=\"read-more\" href=\"https:\/\/bergschloessl-ramsau.at\/en\/datenschutzerklarung\/\" aria-label=\"Read more about Datenschutzerkl\u00e4rung\">Read more<\/a><\/p>\n","protected":false},"author":1,"featured_media":0,"parent":0,"menu_order":0,"comment_status":"closed","ping_status":"open","template":"","meta":{"footnotes":""},"class_list":["post-670","page","type-page","status-publish"],"yoast_head":"<!-- This site is optimized with the Yoast SEO plugin v27.5 - https:\/\/yoast.com\/product\/yoast-seo-wordpress\/ -->\n<title>Datenschutzerkl\u00e4rung - Bergschl\u00f6\u00dfl Ramsau<\/title>\n<meta name=\"robots\" content=\"index, follow, max-snippet:-1, max-image-preview:large, max-video-preview:-1\" \/>\n<link rel=\"canonical\" href=\"https:\/\/bergschloessl-ramsau.at\/en\/datenschutzerklarung\/\" \/>\n<meta property=\"og:locale\" content=\"en_US\" \/>\n<meta property=\"og:type\" content=\"article\" \/>\n<meta property=\"og:title\" content=\"Datenschutzerkl\u00e4rung - Bergschl\u00f6\u00dfl Ramsau\" \/>\n<meta property=\"og:description\" content=\"lmpressum F\u00fcr den Inhalt verantwortlich: Barbara MitterOrt 2168972 Ramsau am DachsteinAUSTRIA Tel.: +43 3687 81283email: office@bergschloessl-ramsau.at Webdesign und Layout:tita.atWerbeagentur LangRamsau 1498972 Ramsau am Dachstein\u00d6sterreichwww.tita.at Fotos: TVB Ramsau,&nbsp;\u00a9 photo-austria, privat Datenschutz Vermietung 1. GrundlagenDiese Datenschutzerkl\u00e4rung betrifft alle Personen, die die Dienstleistungen des Autors nutzen. Wir informieren Sie damit \u00fcber Art, Umfang und Zweck der Erhebung und ... Read more\" \/>\n<meta property=\"og:url\" content=\"https:\/\/bergschloessl-ramsau.at\/en\/datenschutzerklarung\/\" \/>\n<meta property=\"og:site_name\" content=\"Bergschl\u00f6\u00dfl Ramsau\" \/>\n<meta property=\"article:modified_time\" content=\"2021-09-02T09:44:39+00:00\" \/>\n<meta name=\"twitter:card\" content=\"summary_large_image\" \/>\n<meta name=\"twitter:label1\" content=\"Est. reading time\" \/>\n\t<meta name=\"twitter:data1\" content=\"11 minutes\" \/>\n<script type=\"application\/ld+json\" class=\"yoast-schema-graph\">{\"@context\":\"https:\\\/\\\/schema.org\",\"@graph\":[{\"@type\":\"WebPage\",\"@id\":\"https:\\\/\\\/bergschloessl-ramsau.at\\\/en\\\/datenschutzerklarung\\\/\",\"url\":\"https:\\\/\\\/bergschloessl-ramsau.at\\\/en\\\/datenschutzerklarung\\\/\",\"name\":\"Datenschutzerkl\u00e4rung - Bergschl\u00f6\u00dfl Ramsau\",\"isPartOf\":{\"@id\":\"https:\\\/\\\/bergschloessl-ramsau.at\\\/en\\\/#website\"},\"datePublished\":\"2021-09-02T09:44:38+00:00\",\"dateModified\":\"2021-09-02T09:44:39+00:00\",\"breadcrumb\":{\"@id\":\"https:\\\/\\\/bergschloessl-ramsau.at\\\/en\\\/datenschutzerklarung\\\/#breadcrumb\"},\"inLanguage\":\"en-US\",\"potentialAction\":[{\"@type\":\"ReadAction\",\"target\":[\"https:\\\/\\\/bergschloessl-ramsau.at\\\/en\\\/datenschutzerklarung\\\/\"]}]},{\"@type\":\"BreadcrumbList\",\"@id\":\"https:\\\/\\\/bergschloessl-ramsau.at\\\/en\\\/datenschutzerklarung\\\/#breadcrumb\",\"itemListElement\":[{\"@type\":\"ListItem\",\"position\":1,\"name\":\"Startseite\",\"item\":\"https:\\\/\\\/bergschloessl-ramsau.at\\\/en\\\/\"},{\"@type\":\"ListItem\",\"position\":2,\"name\":\"Datenschutzerkl\u00e4rung\"}]},{\"@type\":\"WebSite\",\"@id\":\"https:\\\/\\\/bergschloessl-ramsau.at\\\/en\\\/#website\",\"url\":\"https:\\\/\\\/bergschloessl-ramsau.at\\\/en\\\/\",\"name\":\"Bergschl\u00f6\u00dfl Ramsau\",\"description\":\"Urlaub in Ramsau am Dachstein\",\"publisher\":{\"@id\":\"https:\\\/\\\/bergschloessl-ramsau.at\\\/en\\\/#organization\"},\"potentialAction\":[{\"@type\":\"SearchAction\",\"target\":{\"@type\":\"EntryPoint\",\"urlTemplate\":\"https:\\\/\\\/bergschloessl-ramsau.at\\\/en\\\/?s={search_term_string}\"},\"query-input\":{\"@type\":\"PropertyValueSpecification\",\"valueRequired\":true,\"valueName\":\"search_term_string\"}}],\"inLanguage\":\"en-US\"},{\"@type\":\"Organization\",\"@id\":\"https:\\\/\\\/bergschloessl-ramsau.at\\\/en\\\/#organization\",\"name\":\"Bergschl\u00f6\u00dfl Ramsau\",\"url\":\"https:\\\/\\\/bergschloessl-ramsau.at\\\/en\\\/\",\"logo\":{\"@type\":\"ImageObject\",\"inLanguage\":\"en-US\",\"@id\":\"https:\\\/\\\/bergschloessl-ramsau.at\\\/en\\\/#\\\/schema\\\/logo\\\/image\\\/\",\"url\":\"https:\\\/\\\/bergschloessl-ramsau.at\\\/wp-content\\\/uploads\\\/2021\\\/07\\\/bergschloessl-ramsau-logo-320-1.png\",\"contentUrl\":\"https:\\\/\\\/bergschloessl-ramsau.at\\\/wp-content\\\/uploads\\\/2021\\\/07\\\/bergschloessl-ramsau-logo-320-1.png\",\"width\":326,\"height\":102,\"caption\":\"Bergschl\u00f6\u00dfl Ramsau\"},\"image\":{\"@id\":\"https:\\\/\\\/bergschloessl-ramsau.at\\\/en\\\/#\\\/schema\\\/logo\\\/image\\\/\"}}]}<\/script>\n<!-- \/ Yoast SEO plugin. -->","yoast_head_json":{"title":"Datenschutzerkl\u00e4rung - Bergschl\u00f6\u00dfl Ramsau","robots":{"index":"index","follow":"follow","max-snippet":"max-snippet:-1","max-image-preview":"max-image-preview:large","max-video-preview":"max-video-preview:-1"},"canonical":"https:\/\/bergschloessl-ramsau.at\/en\/datenschutzerklarung\/","og_locale":"en_US","og_type":"article","og_title":"Datenschutzerkl\u00e4rung - Bergschl\u00f6\u00dfl Ramsau","og_description":"lmpressum F\u00fcr den Inhalt verantwortlich: Barbara MitterOrt 2168972 Ramsau am DachsteinAUSTRIA Tel.: +43 3687 81283email: office@bergschloessl-ramsau.at Webdesign und Layout:tita.atWerbeagentur LangRamsau 1498972 Ramsau am Dachstein\u00d6sterreichwww.tita.at Fotos: TVB Ramsau,&nbsp;\u00a9 photo-austria, privat Datenschutz Vermietung 1. GrundlagenDiese Datenschutzerkl\u00e4rung betrifft alle Personen, die die Dienstleistungen des Autors nutzen. Wir informieren Sie damit \u00fcber Art, Umfang und Zweck der Erhebung und ... Read more","og_url":"https:\/\/bergschloessl-ramsau.at\/en\/datenschutzerklarung\/","og_site_name":"Bergschl\u00f6\u00dfl Ramsau","article_modified_time":"2021-09-02T09:44:39+00:00","twitter_card":"summary_large_image","twitter_misc":{"Est. reading time":"11 minutes"},"schema":{"@context":"https:\/\/schema.org","@graph":[{"@type":"WebPage","@id":"https:\/\/bergschloessl-ramsau.at\/en\/datenschutzerklarung\/","url":"https:\/\/bergschloessl-ramsau.at\/en\/datenschutzerklarung\/","name":"Datenschutzerkl\u00e4rung - Bergschl\u00f6\u00dfl Ramsau","isPartOf":{"@id":"https:\/\/bergschloessl-ramsau.at\/en\/#website"},"datePublished":"2021-09-02T09:44:38+00:00","dateModified":"2021-09-02T09:44:39+00:00","breadcrumb":{"@id":"https:\/\/bergschloessl-ramsau.at\/en\/datenschutzerklarung\/#breadcrumb"},"inLanguage":"en-US","potentialAction":[{"@type":"ReadAction","target":["https:\/\/bergschloessl-ramsau.at\/en\/datenschutzerklarung\/"]}]},{"@type":"BreadcrumbList","@id":"https:\/\/bergschloessl-ramsau.at\/en\/datenschutzerklarung\/#breadcrumb","itemListElement":[{"@type":"ListItem","position":1,"name":"Startseite","item":"https:\/\/bergschloessl-ramsau.at\/en\/"},{"@type":"ListItem","position":2,"name":"Datenschutzerkl\u00e4rung"}]},{"@type":"WebSite","@id":"https:\/\/bergschloessl-ramsau.at\/en\/#website","url":"https:\/\/bergschloessl-ramsau.at\/en\/","name":"Bergschl\u00f6\u00dfl Ramsau","description":"Urlaub in Ramsau am Dachstein","publisher":{"@id":"https:\/\/bergschloessl-ramsau.at\/en\/#organization"},"potentialAction":[{"@type":"SearchAction","target":{"@type":"EntryPoint","urlTemplate":"https:\/\/bergschloessl-ramsau.at\/en\/?s={search_term_string}"},"query-input":{"@type":"PropertyValueSpecification","valueRequired":true,"valueName":"search_term_string"}}],"inLanguage":"en-US"},{"@type":"Organization","@id":"https:\/\/bergschloessl-ramsau.at\/en\/#organization","name":"Bergschl\u00f6\u00dfl Ramsau","url":"https:\/\/bergschloessl-ramsau.at\/en\/","logo":{"@type":"ImageObject","inLanguage":"en-US","@id":"https:\/\/bergschloessl-ramsau.at\/en\/#\/schema\/logo\/image\/","url":"https:\/\/bergschloessl-ramsau.at\/wp-content\/uploads\/2021\/07\/bergschloessl-ramsau-logo-320-1.png","contentUrl":"https:\/\/bergschloessl-ramsau.at\/wp-content\/uploads\/2021\/07\/bergschloessl-ramsau-logo-320-1.png","width":326,"height":102,"caption":"Bergschl\u00f6\u00dfl Ramsau"},"image":{"@id":"https:\/\/bergschloessl-ramsau.at\/en\/#\/schema\/logo\/image\/"}}]}},"_links":{"self":[{"href":"https:\/\/bergschloessl-ramsau.at\/en\/wp-json\/wp\/v2\/pages\/670","targetHints":{"allow":["GET"]}}],"collection":[{"href":"https:\/\/bergschloessl-ramsau.at\/en\/wp-json\/wp\/v2\/pages"}],"about":[{"href":"https:\/\/bergschloessl-ramsau.at\/en\/wp-json\/wp\/v2\/types\/page"}],"author":[{"embeddable":true,"href":"https:\/\/bergschloessl-ramsau.at\/en\/wp-json\/wp\/v2\/users\/1"}],"replies":[{"embeddable":true,"href":"https:\/\/bergschloessl-ramsau.at\/en\/wp-json\/wp\/v2\/comments?post=670"}],"version-history":[{"count":1,"href":"https:\/\/bergschloessl-ramsau.at\/en\/wp-json\/wp\/v2\/pages\/670\/revisions"}],"predecessor-version":[{"id":671,"href":"https:\/\/bergschloessl-ramsau.at\/en\/wp-json\/wp\/v2\/pages\/670\/revisions\/671"}],"wp:attachment":[{"href":"https:\/\/bergschloessl-ramsau.at\/en\/wp-json\/wp\/v2\/media?parent=670"}],"curies":[{"name":"wp","href":"https:\/\/api.w.org\/{rel}","templated":true}]}}